{"id":1723,"date":"2024-04-18T06:58:03","date_gmt":"2024-04-18T04:58:03","guid":{"rendered":"https:\/\/universitatpopular.com\/contracta-amb-la-up\/"},"modified":"2024-07-08T10:32:19","modified_gmt":"2024-07-08T08:32:19","slug":"contracta-amb-la-up","status":"publish","type":"page","link":"https:\/\/universitatpopular.com\/ca\/contracta-amb-la-up\/","title":{"rendered":"Contracta amb la UP"},"content":{"rendered":"\n<p>La Universitat Popular de Val\u00e8ncia (UP), en un exercici de<strong>\u00a0transpar\u00e8ncia,\u00a0igualtat d'oportunitats\u00a0<\/strong>i<strong>\u00a0p\u00fablica concurr\u00e8ncia<\/strong>\u00a0per a prove\u00efdors i prove\u00efdores, obri la secci\u00f3 \u201cContracta amb la UP\u201d de la seua p\u00e0gina web, on consta el perfil de contractant i els contractes menors, on es poden trobar els tr\u00e0mits de contractaci\u00f3 que realitza la UP.<\/p>\n\n<p>El seu objectiu \u00e9s el de donar visibilitat i difusi\u00f3 als projectes que duu a terme l'organisme aut\u00f2nom de l'Ajuntament de Val\u00e8ncia amb la intenci\u00f3 que\u00a0qualsevol \u00a0prove\u00efdor o prove\u00efdora puga estar al corrent de les necessitats de la UP i\u00a0<strong>puga presentar la seua oferta<\/strong>.\u00a0Aquesta lliure concurr\u00e8ncia, a m\u00e9s, permetr\u00e0 la maximitzaci\u00f3 i optimitzaci\u00f3 dels recursos econ\u00f2mics de la Universitat Popular de Val\u00e8ncia.<\/p>\n\n<p>Pel que fa a la necessitat de contractar a trav\u00e9s d'un contracte menor, el funcionament ser\u00e0 el seg\u00fcent. Quan la UP tinga una necessitat, penjar\u00e0 un anunci en aquesta secci\u00f3. Aquest anunci contindr\u00e0 una descripci\u00f3 de l'objecte del contracte, la despesa m\u00e0xima del mateix i el termini de presentaci\u00f3 d'ofertes, aix\u00ed com un email de contacte, de tal manera que els prove\u00efdors i prove\u00efdores puguen presentar ofertes i optar a ser seleccionats o seleccionades en l'adjudicaci\u00f3 del contracte menor. Una vegada que haja sigut adjudicat a una empresa, es publicar\u00e0, en l'apartat \u201cContractes finalitzats\u201d de la secci\u00f3, l'anunci de la resoluci\u00f3 de l'adjudicaci\u00f3.<\/p>\n","protected":false},"excerpt":{"rendered":"<p>La Universitat Popular de Val\u00e8ncia (UP), en un exercici de\u00a0transpar\u00e8ncia,\u00a0igualtat d'oportunitats\u00a0i\u00a0p\u00fablica concurr\u00e8ncia\u00a0per a prove\u00efdors i prove\u00efdores, obri la secci\u00f3 \u201cContracta amb la UP\u201d de la seua p\u00e0gina web, on consta [&hellip;]<\/p>\n","protected":false},"author":1,"featured_media":0,"parent":0,"menu_order":0,"comment_status":"closed","ping_status":"closed","template":"","meta":{"_acf_changed":false,"_EventAllDay":false,"_EventTimezone":"","_EventStartDate":"","_EventEndDate":"","_EventStartDateUTC":"","_EventEndDateUTC":"","_EventShowMap":false,"_EventShowMapLink":false,"_EventURL":"","_EventCost":"","_EventCostDescription":"","_EventCurrencySymbol":"","_EventCurrencyCode":"","_EventCurrencyPosition":"","_EventDateTimeSeparator":"","_EventTimeRangeSeparator":"","_EventOrganizerID":[],"_EventVenueID":[],"_OrganizerEmail":"","_OrganizerPhone":"","_OrganizerWebsite":"","_VenueAddress":"","_VenueCity":"","_VenueCountry":"","_VenueProvince":"","_VenueState":"","_VenueZip":"","_VenuePhone":"","_VenueURL":"","_VenueStateProvince":"","_VenueLat":"","_VenueLng":"","_VenueShowMap":false,"_VenueShowMapLink":false,"footnotes":""},"class_list":["post-1723","page","type-page","status-publish","hentry"],"acf":[],"yoast_head":"<!-- This site is optimized with the Yoast SEO plugin v25.8 - https:\/\/yoast.com\/wordpress\/plugins\/seo\/ -->\n<title>Contracta amb la UP - Universitat Popular<\/title>\n<meta name=\"robots\" content=\"index, follow, max-snippet:-1, max-image-preview:large, max-video-preview:-1\" \/>\n<link rel=\"canonical\" href=\"https:\/\/universitatpopular.com\/ca\/contracta-amb-la-up\/\" \/>\n<meta property=\"og:locale\" content=\"ca_ES\" \/>\n<meta property=\"og:type\" content=\"article\" \/>\n<meta property=\"og:title\" content=\"Contracta amb la UP - Universitat Popular\" \/>\n<meta property=\"og:description\" content=\"La Universitat Popular de Val\u00e8ncia (UP), en un exercici de\u00a0transpar\u00e8ncia,\u00a0igualtat d&#039;oportunitats\u00a0i\u00a0p\u00fablica concurr\u00e8ncia\u00a0per a prove\u00efdors i prove\u00efdores, obri la secci\u00f3 \u201cContracta amb la UP\u201d de la seua p\u00e0gina web, on consta [&hellip;]\" \/>\n<meta property=\"og:url\" content=\"https:\/\/universitatpopular.com\/ca\/contracta-amb-la-up\/\" \/>\n<meta property=\"og:site_name\" content=\"Universitat Popular\" \/>\n<meta property=\"article:publisher\" content=\"https:\/\/www.facebook.com\/universitatpopularvalencia\/\" \/>\n<meta property=\"article:modified_time\" content=\"2024-07-08T08:32:19+00:00\" \/>\n<meta name=\"twitter:card\" content=\"summary_large_image\" \/>\n<meta name=\"twitter:site\" content=\"@univ_po_pu_lar\" \/>\n<meta name=\"twitter:label1\" content=\"Temps estimat de lectura\" \/>\n\t<meta name=\"twitter:data1\" content=\"1 minut\" \/>\n<script type=\"application\/ld+json\" class=\"yoast-schema-graph\">{\"@context\":\"https:\/\/schema.org\",\"@graph\":[{\"@type\":\"WebPage\",\"@id\":\"https:\/\/universitatpopular.com\/ca\/contracta-amb-la-up\/\",\"url\":\"https:\/\/universitatpopular.com\/ca\/contracta-amb-la-up\/\",\"name\":\"Contracta amb la UP - Universitat Popular\",\"isPartOf\":{\"@id\":\"https:\/\/universitatpopular.com\/#website\"},\"datePublished\":\"2024-04-18T04:58:03+00:00\",\"dateModified\":\"2024-07-08T08:32:19+00:00\",\"breadcrumb\":{\"@id\":\"https:\/\/universitatpopular.com\/ca\/contracta-amb-la-up\/#breadcrumb\"},\"inLanguage\":\"ca\",\"potentialAction\":[{\"@type\":\"ReadAction\",\"target\":[\"https:\/\/universitatpopular.com\/ca\/contracta-amb-la-up\/\"]}]},{\"@type\":\"BreadcrumbList\",\"@id\":\"https:\/\/universitatpopular.com\/ca\/contracta-amb-la-up\/#breadcrumb\",\"itemListElement\":[{\"@type\":\"ListItem\",\"position\":1,\"name\":\"Portada\",\"item\":\"https:\/\/universitatpopular.com\/ca\/portada\/\"},{\"@type\":\"ListItem\",\"position\":2,\"name\":\"Contracta amb la UP\"}]},{\"@type\":\"WebSite\",\"@id\":\"https:\/\/universitatpopular.com\/#website\",\"url\":\"https:\/\/universitatpopular.com\/\",\"name\":\"Universitat Popular\",\"description\":\"Web de la Universitat Popular de l&#039;Ajuntament de Val\u00e8ncia\",\"publisher\":{\"@id\":\"https:\/\/universitatpopular.com\/#organization\"},\"potentialAction\":[{\"@type\":\"SearchAction\",\"target\":{\"@type\":\"EntryPoint\",\"urlTemplate\":\"https:\/\/universitatpopular.com\/?s={search_term_string}\"},\"query-input\":{\"@type\":\"PropertyValueSpecification\",\"valueRequired\":true,\"valueName\":\"search_term_string\"}}],\"inLanguage\":\"ca\"},{\"@type\":\"Organization\",\"@id\":\"https:\/\/universitatpopular.com\/#organization\",\"name\":\"Universitat Popular\",\"url\":\"https:\/\/universitatpopular.com\/\",\"logo\":{\"@type\":\"ImageObject\",\"inLanguage\":\"ca\",\"@id\":\"https:\/\/universitatpopular.com\/#\/schema\/logo\/image\/\",\"url\":\"https:\/\/universitatpopular.com\/wp-content\/uploads\/2024\/04\/logo-universitat-popular-de-valencia_vertical.svg\",\"contentUrl\":\"https:\/\/universitatpopular.com\/wp-content\/uploads\/2024\/04\/logo-universitat-popular-de-valencia_vertical.svg\",\"width\":190.15,\"height\":124.13,\"caption\":\"Universitat Popular\"},\"image\":{\"@id\":\"https:\/\/universitatpopular.com\/#\/schema\/logo\/image\/\"},\"sameAs\":[\"https:\/\/www.facebook.com\/universitatpopularvalencia\/\",\"https:\/\/x.com\/univ_po_pu_lar\",\"https:\/\/www.instagram.com\/universitatpopularvlc\/\",\"https:\/\/www.youtube.com\/channel\/UC6MyVEiz44QUeMvO8K3ofwA\"]}]}<\/script>\n<!-- \/ Yoast SEO plugin. -->","yoast_head_json":{"title":"Contracta amb la UP - Universitat Popular","robots":{"index":"index","follow":"follow","max-snippet":"max-snippet:-1","max-image-preview":"max-image-preview:large","max-video-preview":"max-video-preview:-1"},"canonical":"https:\/\/universitatpopular.com\/ca\/contracta-amb-la-up\/","og_locale":"ca_ES","og_type":"article","og_title":"Contracta amb la UP - Universitat Popular","og_description":"La Universitat Popular de Val\u00e8ncia (UP), en un exercici de\u00a0transpar\u00e8ncia,\u00a0igualtat d'oportunitats\u00a0i\u00a0p\u00fablica concurr\u00e8ncia\u00a0per a prove\u00efdors i prove\u00efdores, obri la secci\u00f3 \u201cContracta amb la UP\u201d de la seua p\u00e0gina web, on consta [&hellip;]","og_url":"https:\/\/universitatpopular.com\/ca\/contracta-amb-la-up\/","og_site_name":"Universitat Popular","article_publisher":"https:\/\/www.facebook.com\/universitatpopularvalencia\/","article_modified_time":"2024-07-08T08:32:19+00:00","twitter_card":"summary_large_image","twitter_site":"@univ_po_pu_lar","twitter_misc":{"Temps estimat de lectura":"1 minut"},"schema":{"@context":"https:\/\/schema.org","@graph":[{"@type":"WebPage","@id":"https:\/\/universitatpopular.com\/ca\/contracta-amb-la-up\/","url":"https:\/\/universitatpopular.com\/ca\/contracta-amb-la-up\/","name":"Contracta amb la UP - Universitat Popular","isPartOf":{"@id":"https:\/\/universitatpopular.com\/#website"},"datePublished":"2024-04-18T04:58:03+00:00","dateModified":"2024-07-08T08:32:19+00:00","breadcrumb":{"@id":"https:\/\/universitatpopular.com\/ca\/contracta-amb-la-up\/#breadcrumb"},"inLanguage":"ca","potentialAction":[{"@type":"ReadAction","target":["https:\/\/universitatpopular.com\/ca\/contracta-amb-la-up\/"]}]},{"@type":"BreadcrumbList","@id":"https:\/\/universitatpopular.com\/ca\/contracta-amb-la-up\/#breadcrumb","itemListElement":[{"@type":"ListItem","position":1,"name":"Portada","item":"https:\/\/universitatpopular.com\/ca\/portada\/"},{"@type":"ListItem","position":2,"name":"Contracta amb la UP"}]},{"@type":"WebSite","@id":"https:\/\/universitatpopular.com\/#website","url":"https:\/\/universitatpopular.com\/","name":"Universitat Popular","description":"Web de la Universitat Popular de l&#039;Ajuntament de Val\u00e8ncia","publisher":{"@id":"https:\/\/universitatpopular.com\/#organization"},"potentialAction":[{"@type":"SearchAction","target":{"@type":"EntryPoint","urlTemplate":"https:\/\/universitatpopular.com\/?s={search_term_string}"},"query-input":{"@type":"PropertyValueSpecification","valueRequired":true,"valueName":"search_term_string"}}],"inLanguage":"ca"},{"@type":"Organization","@id":"https:\/\/universitatpopular.com\/#organization","name":"Universitat Popular","url":"https:\/\/universitatpopular.com\/","logo":{"@type":"ImageObject","inLanguage":"ca","@id":"https:\/\/universitatpopular.com\/#\/schema\/logo\/image\/","url":"https:\/\/universitatpopular.com\/wp-content\/uploads\/2024\/04\/logo-universitat-popular-de-valencia_vertical.svg","contentUrl":"https:\/\/universitatpopular.com\/wp-content\/uploads\/2024\/04\/logo-universitat-popular-de-valencia_vertical.svg","width":190.15,"height":124.13,"caption":"Universitat Popular"},"image":{"@id":"https:\/\/universitatpopular.com\/#\/schema\/logo\/image\/"},"sameAs":["https:\/\/www.facebook.com\/universitatpopularvalencia\/","https:\/\/x.com\/univ_po_pu_lar","https:\/\/www.instagram.com\/universitatpopularvlc\/","https:\/\/www.youtube.com\/channel\/UC6MyVEiz44QUeMvO8K3ofwA"]}]}},"_links":{"self":[{"href":"https:\/\/universitatpopular.com\/ca\/wp-json\/wp\/v2\/pages\/1723","targetHints":{"allow":["GET"]}}],"collection":[{"href":"https:\/\/universitatpopular.com\/ca\/wp-json\/wp\/v2\/pages"}],"about":[{"href":"https:\/\/universitatpopular.com\/ca\/wp-json\/wp\/v2\/types\/page"}],"author":[{"embeddable":true,"href":"https:\/\/universitatpopular.com\/ca\/wp-json\/wp\/v2\/users\/1"}],"replies":[{"embeddable":true,"href":"https:\/\/universitatpopular.com\/ca\/wp-json\/wp\/v2\/comments?post=1723"}],"version-history":[{"count":1,"href":"https:\/\/universitatpopular.com\/ca\/wp-json\/wp\/v2\/pages\/1723\/revisions"}],"predecessor-version":[{"id":1724,"href":"https:\/\/universitatpopular.com\/ca\/wp-json\/wp\/v2\/pages\/1723\/revisions\/1724"}],"wp:attachment":[{"href":"https:\/\/universitatpopular.com\/ca\/wp-json\/wp\/v2\/media?parent=1723"}],"curies":[{"name":"wp","href":"https:\/\/api.w.org\/{rel}","templated":true}]}}