{"id":1787,"date":"2024-06-28T13:06:35","date_gmt":"2024-06-28T11:06:35","guid":{"rendered":"https:\/\/universitatpopular.com\/final-de-curs-2019-2020\/"},"modified":"2024-07-08T13:04:29","modified_gmt":"2024-07-08T11:04:29","slug":"final-de-curs-2019-2020","status":"publish","type":"page","link":"https:\/\/universitatpopular.com\/ca\/final-de-curs-2019-2020\/","title":{"rendered":"Final de Curs 2019\/2020"},"content":{"rendered":"\n<figure class=\"wp-block-image size-full\"><img loading=\"lazy\" decoding=\"async\" width=\"1200\" height=\"106\" src=\"https:\/\/universitatpopular.com\/wp-content\/uploads\/2024\/06\/cabecera_final-decurs.jpeg\" alt=\"\" class=\"wp-image-550\" srcset=\"https:\/\/universitatpopular.com\/wp-content\/uploads\/2024\/06\/cabecera_final-decurs.jpeg 1200w, https:\/\/universitatpopular.com\/wp-content\/uploads\/2024\/06\/cabecera_final-decurs-300x27.jpeg 300w, https:\/\/universitatpopular.com\/wp-content\/uploads\/2024\/06\/cabecera_final-decurs-1024x90.jpeg 1024w, https:\/\/universitatpopular.com\/wp-content\/uploads\/2024\/06\/cabecera_final-decurs-768x68.jpeg 768w, https:\/\/universitatpopular.com\/wp-content\/uploads\/2024\/06\/cabecera_final-decurs-50x4.jpeg 50w\" sizes=\"auto, (max-width: 1200px) 100vw, 1200px\" \/><\/figure>\n\n<p>Benvingudes i benvinguts a la p\u00e0gina del final de curs 2019\/20 de la Universitat Popular de Val\u00e8ncia. Ac\u00ed trobaran un recorregut per a con\u00e9ixer l'extraordin\u00e0ria resposta que tant les persones participants de les nostres activitats com el personal de #UPVal\u00e8ncia han donat a la situaci\u00f3 de confinament. Els objectius principals han sigut no deixar a cap persona sola o a\u00efllada, acompanyar a la ciutadania de Val\u00e8ncia que s'ha volgut sumar i continuar estimulant l'aprenentatge i la participaci\u00f3 social.<\/p>\n\n<div class=\"wp-block-columns is-layout-flex wp-container-core-columns-is-layout-28f84493 wp-block-columns-is-layout-flex\">\n<div class=\"wp-block-column is-layout-flow wp-block-column-is-layout-flow\">\n<figure class=\"wp-block-image size-full\"><img loading=\"lazy\" decoding=\"async\" width=\"1080\" height=\"1080\" src=\"https:\/\/universitatpopular.com\/wp-content\/uploads\/2024\/06\/mosaic.png\" alt=\"\" class=\"wp-image-555\" srcset=\"https:\/\/universitatpopular.com\/wp-content\/uploads\/2024\/06\/mosaic.png 1080w, https:\/\/universitatpopular.com\/wp-content\/uploads\/2024\/06\/mosaic-300x300.png 300w, https:\/\/universitatpopular.com\/wp-content\/uploads\/2024\/06\/mosaic-1024x1024.png 1024w, https:\/\/universitatpopular.com\/wp-content\/uploads\/2024\/06\/mosaic-150x150.png 150w, https:\/\/universitatpopular.com\/wp-content\/uploads\/2024\/06\/mosaic-768x768.png 768w, https:\/\/universitatpopular.com\/wp-content\/uploads\/2024\/06\/mosaic-50x50.png 50w\" sizes=\"auto, (max-width: 1080px) 100vw, 1080px\" \/><\/figure>\n<\/div>\n\n\n\n<div class=\"wp-block-column is-layout-flow wp-block-column-is-layout-flow\">\n<figure class=\"wp-block-image size-full\"><img loading=\"lazy\" decoding=\"async\" width=\"1080\" height=\"1080\" src=\"https:\/\/universitatpopular.com\/wp-content\/uploads\/2024\/06\/cataleg.png\" alt=\"\" class=\"wp-image-551\" srcset=\"https:\/\/universitatpopular.com\/wp-content\/uploads\/2024\/06\/cataleg.png 1080w, https:\/\/universitatpopular.com\/wp-content\/uploads\/2024\/06\/cataleg-300x300.png 300w, https:\/\/universitatpopular.com\/wp-content\/uploads\/2024\/06\/cataleg-1024x1024.png 1024w, https:\/\/universitatpopular.com\/wp-content\/uploads\/2024\/06\/cataleg-150x150.png 150w, https:\/\/universitatpopular.com\/wp-content\/uploads\/2024\/06\/cataleg-768x768.png 768w, https:\/\/universitatpopular.com\/wp-content\/uploads\/2024\/06\/cataleg-50x50.png 50w\" sizes=\"auto, (max-width: 1080px) 100vw, 1080px\" \/><\/figure>\n<\/div>\n\n\n\n<div class=\"wp-block-column is-layout-flow wp-block-column-is-layout-flow\">\n<figure class=\"wp-block-image size-full\"><img loading=\"lazy\" decoding=\"async\" width=\"1080\" height=\"1080\" src=\"https:\/\/universitatpopular.com\/wp-content\/uploads\/2024\/06\/videos.png\" alt=\"\" class=\"wp-image-553\" srcset=\"https:\/\/universitatpopular.com\/wp-content\/uploads\/2024\/06\/videos.png 1080w, https:\/\/universitatpopular.com\/wp-content\/uploads\/2024\/06\/videos-300x300.png 300w, https:\/\/universitatpopular.com\/wp-content\/uploads\/2024\/06\/videos-1024x1024.png 1024w, https:\/\/universitatpopular.com\/wp-content\/uploads\/2024\/06\/videos-150x150.png 150w, https:\/\/universitatpopular.com\/wp-content\/uploads\/2024\/06\/videos-768x768.png 768w, https:\/\/universitatpopular.com\/wp-content\/uploads\/2024\/06\/videos-50x50.png 50w\" sizes=\"auto, (max-width: 1080px) 100vw, 1080px\" \/><\/figure>\n<\/div>\n<\/div>\n\n<div class=\"wp-block-columns is-layout-flex wp-container-core-columns-is-layout-28f84493 wp-block-columns-is-layout-flex\">\n<div class=\"wp-block-column is-layout-flow wp-block-column-is-layout-flow\">\n<figure class=\"wp-block-image size-large\"><img loading=\"lazy\" decoding=\"async\" width=\"1024\" height=\"1024\" src=\"https:\/\/universitatpopular.com\/wp-content\/uploads\/2024\/06\/curs20-21-1-1024x1024.jpeg\" alt=\"\" class=\"wp-image-559\" srcset=\"https:\/\/universitatpopular.com\/wp-content\/uploads\/2024\/06\/curs20-21-1-1024x1024.jpeg 1024w, https:\/\/universitatpopular.com\/wp-content\/uploads\/2024\/06\/curs20-21-1-300x300.jpeg 300w, https:\/\/universitatpopular.com\/wp-content\/uploads\/2024\/06\/curs20-21-1-150x150.jpeg 150w, https:\/\/universitatpopular.com\/wp-content\/uploads\/2024\/06\/curs20-21-1-768x768.jpeg 768w, https:\/\/universitatpopular.com\/wp-content\/uploads\/2024\/06\/curs20-21-1-50x50.jpeg 50w, https:\/\/universitatpopular.com\/wp-content\/uploads\/2024\/06\/curs20-21-1.jpeg 1080w\" sizes=\"auto, (max-width: 1024px) 100vw, 1024px\" \/><\/figure>\n<\/div>\n\n\n\n<div class=\"wp-block-column is-layout-flow wp-block-column-is-layout-flow\">\n<figure class=\"wp-block-image size-large\"><img loading=\"lazy\" decoding=\"async\" width=\"1024\" height=\"1024\" src=\"https:\/\/universitatpopular.com\/wp-content\/uploads\/2024\/06\/revista-1-1024x1024.png\" alt=\"\" class=\"wp-image-560\" srcset=\"https:\/\/universitatpopular.com\/wp-content\/uploads\/2024\/06\/revista-1-1024x1024.png 1024w, https:\/\/universitatpopular.com\/wp-content\/uploads\/2024\/06\/revista-1-300x300.png 300w, https:\/\/universitatpopular.com\/wp-content\/uploads\/2024\/06\/revista-1-150x150.png 150w, https:\/\/universitatpopular.com\/wp-content\/uploads\/2024\/06\/revista-1-768x768.png 768w, https:\/\/universitatpopular.com\/wp-content\/uploads\/2024\/06\/revista-1-50x50.png 50w, https:\/\/universitatpopular.com\/wp-content\/uploads\/2024\/06\/revista-1.png 1080w\" sizes=\"auto, (max-width: 1024px) 100vw, 1024px\" \/><\/figure>\n<\/div>\n\n\n\n<div class=\"wp-block-column is-layout-flow wp-block-column-is-layout-flow\">\n<figure class=\"wp-block-image size-large\"><img loading=\"lazy\" decoding=\"async\" width=\"1024\" height=\"1024\" src=\"https:\/\/universitatpopular.com\/wp-content\/uploads\/2024\/06\/projectes_singulars-1-1024x1024.png\" alt=\"\" class=\"wp-image-561\" srcset=\"https:\/\/universitatpopular.com\/wp-content\/uploads\/2024\/06\/projectes_singulars-1-1024x1024.png 1024w, https:\/\/universitatpopular.com\/wp-content\/uploads\/2024\/06\/projectes_singulars-1-300x300.png 300w, https:\/\/universitatpopular.com\/wp-content\/uploads\/2024\/06\/projectes_singulars-1-150x150.png 150w, https:\/\/universitatpopular.com\/wp-content\/uploads\/2024\/06\/projectes_singulars-1-768x768.png 768w, https:\/\/universitatpopular.com\/wp-content\/uploads\/2024\/06\/projectes_singulars-1-50x50.png 50w, https:\/\/universitatpopular.com\/wp-content\/uploads\/2024\/06\/projectes_singulars-1.png 1080w\" sizes=\"auto, (max-width: 1024px) 100vw, 1024px\" \/><\/figure>\n<\/div>\n<\/div>\n","protected":false},"excerpt":{"rendered":"<p>Benvingudes i benvinguts a la p\u00e0gina del final de curs 2019\/20 de la Universitat Popular de Val\u00e8ncia. Ac\u00ed trobaran un recorregut per a con\u00e9ixer l'extraordin\u00e0ria resposta que tant les persones [&hellip;]<\/p>\n","protected":false},"author":1,"featured_media":0,"parent":0,"menu_order":0,"comment_status":"closed","ping_status":"closed","template":"","meta":{"_acf_changed":false,"_EventAllDay":false,"_EventTimezone":"","_EventStartDate":"","_EventEndDate":"","_EventStartDateUTC":"","_EventEndDateUTC":"","_EventShowMap":false,"_EventShowMapLink":false,"_EventURL":"","_EventCost":"","_EventCostDescription":"","_EventCurrencySymbol":"","_EventCurrencyCode":"","_EventCurrencyPosition":"","_EventDateTimeSeparator":"","_EventTimeRangeSeparator":"","_EventOrganizerID":[],"_EventVenueID":[],"_OrganizerEmail":"","_OrganizerPhone":"","_OrganizerWebsite":"","_VenueAddress":"","_VenueCity":"","_VenueCountry":"","_VenueProvince":"","_VenueState":"","_VenueZip":"","_VenuePhone":"","_VenueURL":"","_VenueStateProvince":"","_VenueLat":"","_VenueLng":"","_VenueShowMap":false,"_VenueShowMapLink":false,"footnotes":""},"class_list":["post-1787","page","type-page","status-publish","hentry"],"acf":[],"yoast_head":"<!-- This site is optimized with the Yoast SEO plugin v25.8 - https:\/\/yoast.com\/wordpress\/plugins\/seo\/ -->\n<title>Final de Curs 2019\/2020 - Universitat Popular<\/title>\n<meta name=\"robots\" content=\"index, follow, max-snippet:-1, max-image-preview:large, max-video-preview:-1\" \/>\n<link rel=\"canonical\" href=\"https:\/\/universitatpopular.com\/ca\/final-de-curs-2019-2020\/\" \/>\n<meta property=\"og:locale\" content=\"ca_ES\" \/>\n<meta property=\"og:type\" content=\"article\" \/>\n<meta property=\"og:title\" content=\"Final de Curs 2019\/2020 - Universitat Popular\" \/>\n<meta property=\"og:description\" content=\"Benvingudes i benvinguts a la p\u00e0gina del final de curs 2019\/20 de la Universitat Popular de Val\u00e8ncia. Ac\u00ed trobaran un recorregut per a con\u00e9ixer l&#039;extraordin\u00e0ria resposta que tant les persones [&hellip;]\" \/>\n<meta property=\"og:url\" content=\"https:\/\/universitatpopular.com\/ca\/final-de-curs-2019-2020\/\" \/>\n<meta property=\"og:site_name\" content=\"Universitat Popular\" \/>\n<meta property=\"article:publisher\" content=\"https:\/\/www.facebook.com\/universitatpopularvalencia\/\" \/>\n<meta property=\"article:modified_time\" content=\"2024-07-08T11:04:29+00:00\" \/>\n<meta property=\"og:image\" content=\"https:\/\/universitatpopular.com\/wp-content\/uploads\/2024\/06\/cabecera_final-decurs.jpeg\" \/>\n<meta name=\"twitter:card\" content=\"summary_large_image\" \/>\n<meta name=\"twitter:site\" content=\"@univ_po_pu_lar\" \/>\n<script type=\"application\/ld+json\" class=\"yoast-schema-graph\">{\"@context\":\"https:\/\/schema.org\",\"@graph\":[{\"@type\":\"WebPage\",\"@id\":\"https:\/\/universitatpopular.com\/ca\/final-de-curs-2019-2020\/\",\"url\":\"https:\/\/universitatpopular.com\/ca\/final-de-curs-2019-2020\/\",\"name\":\"Final de Curs 2019\/2020 - Universitat Popular\",\"isPartOf\":{\"@id\":\"https:\/\/universitatpopular.com\/#website\"},\"primaryImageOfPage\":{\"@id\":\"https:\/\/universitatpopular.com\/ca\/final-de-curs-2019-2020\/#primaryimage\"},\"image\":{\"@id\":\"https:\/\/universitatpopular.com\/ca\/final-de-curs-2019-2020\/#primaryimage\"},\"thumbnailUrl\":\"https:\/\/universitatpopular.com\/wp-content\/uploads\/2024\/06\/cabecera_final-decurs.jpeg\",\"datePublished\":\"2024-06-28T11:06:35+00:00\",\"dateModified\":\"2024-07-08T11:04:29+00:00\",\"breadcrumb\":{\"@id\":\"https:\/\/universitatpopular.com\/ca\/final-de-curs-2019-2020\/#breadcrumb\"},\"inLanguage\":\"ca\",\"potentialAction\":[{\"@type\":\"ReadAction\",\"target\":[\"https:\/\/universitatpopular.com\/ca\/final-de-curs-2019-2020\/\"]}]},{\"@type\":\"ImageObject\",\"inLanguage\":\"ca\",\"@id\":\"https:\/\/universitatpopular.com\/ca\/final-de-curs-2019-2020\/#primaryimage\",\"url\":\"https:\/\/universitatpopular.com\/wp-content\/uploads\/2024\/06\/cabecera_final-decurs.jpeg\",\"contentUrl\":\"https:\/\/universitatpopular.com\/wp-content\/uploads\/2024\/06\/cabecera_final-decurs.jpeg\"},{\"@type\":\"BreadcrumbList\",\"@id\":\"https:\/\/universitatpopular.com\/ca\/final-de-curs-2019-2020\/#breadcrumb\",\"itemListElement\":[{\"@type\":\"ListItem\",\"position\":1,\"name\":\"Portada\",\"item\":\"https:\/\/universitatpopular.com\/ca\/portada\/\"},{\"@type\":\"ListItem\",\"position\":2,\"name\":\"Final de Curs 2019\/2020\"}]},{\"@type\":\"WebSite\",\"@id\":\"https:\/\/universitatpopular.com\/#website\",\"url\":\"https:\/\/universitatpopular.com\/\",\"name\":\"Universitat Popular\",\"description\":\"Web de la Universitat Popular de l&#039;Ajuntament de Val\u00e8ncia\",\"publisher\":{\"@id\":\"https:\/\/universitatpopular.com\/#organization\"},\"potentialAction\":[{\"@type\":\"SearchAction\",\"target\":{\"@type\":\"EntryPoint\",\"urlTemplate\":\"https:\/\/universitatpopular.com\/?s={search_term_string}\"},\"query-input\":{\"@type\":\"PropertyValueSpecification\",\"valueRequired\":true,\"valueName\":\"search_term_string\"}}],\"inLanguage\":\"ca\"},{\"@type\":\"Organization\",\"@id\":\"https:\/\/universitatpopular.com\/#organization\",\"name\":\"Universitat Popular\",\"url\":\"https:\/\/universitatpopular.com\/\",\"logo\":{\"@type\":\"ImageObject\",\"inLanguage\":\"ca\",\"@id\":\"https:\/\/universitatpopular.com\/#\/schema\/logo\/image\/\",\"url\":\"https:\/\/universitatpopular.com\/wp-content\/uploads\/2024\/04\/logo-universitat-popular-de-valencia_vertical.svg\",\"contentUrl\":\"https:\/\/universitatpopular.com\/wp-content\/uploads\/2024\/04\/logo-universitat-popular-de-valencia_vertical.svg\",\"width\":190.15,\"height\":124.13,\"caption\":\"Universitat Popular\"},\"image\":{\"@id\":\"https:\/\/universitatpopular.com\/#\/schema\/logo\/image\/\"},\"sameAs\":[\"https:\/\/www.facebook.com\/universitatpopularvalencia\/\",\"https:\/\/x.com\/univ_po_pu_lar\",\"https:\/\/www.instagram.com\/universitatpopularvlc\/\",\"https:\/\/www.youtube.com\/channel\/UC6MyVEiz44QUeMvO8K3ofwA\"]}]}<\/script>\n<!-- \/ Yoast SEO plugin. -->","yoast_head_json":{"title":"Final de Curs 2019\/2020 - Universitat Popular","robots":{"index":"index","follow":"follow","max-snippet":"max-snippet:-1","max-image-preview":"max-image-preview:large","max-video-preview":"max-video-preview:-1"},"canonical":"https:\/\/universitatpopular.com\/ca\/final-de-curs-2019-2020\/","og_locale":"ca_ES","og_type":"article","og_title":"Final de Curs 2019\/2020 - Universitat Popular","og_description":"Benvingudes i benvinguts a la p\u00e0gina del final de curs 2019\/20 de la Universitat Popular de Val\u00e8ncia. Ac\u00ed trobaran un recorregut per a con\u00e9ixer l'extraordin\u00e0ria resposta que tant les persones [&hellip;]","og_url":"https:\/\/universitatpopular.com\/ca\/final-de-curs-2019-2020\/","og_site_name":"Universitat Popular","article_publisher":"https:\/\/www.facebook.com\/universitatpopularvalencia\/","article_modified_time":"2024-07-08T11:04:29+00:00","og_image":[{"url":"https:\/\/universitatpopular.com\/wp-content\/uploads\/2024\/06\/cabecera_final-decurs.jpeg","type":"","width":"","height":""}],"twitter_card":"summary_large_image","twitter_site":"@univ_po_pu_lar","schema":{"@context":"https:\/\/schema.org","@graph":[{"@type":"WebPage","@id":"https:\/\/universitatpopular.com\/ca\/final-de-curs-2019-2020\/","url":"https:\/\/universitatpopular.com\/ca\/final-de-curs-2019-2020\/","name":"Final de Curs 2019\/2020 - Universitat Popular","isPartOf":{"@id":"https:\/\/universitatpopular.com\/#website"},"primaryImageOfPage":{"@id":"https:\/\/universitatpopular.com\/ca\/final-de-curs-2019-2020\/#primaryimage"},"image":{"@id":"https:\/\/universitatpopular.com\/ca\/final-de-curs-2019-2020\/#primaryimage"},"thumbnailUrl":"https:\/\/universitatpopular.com\/wp-content\/uploads\/2024\/06\/cabecera_final-decurs.jpeg","datePublished":"2024-06-28T11:06:35+00:00","dateModified":"2024-07-08T11:04:29+00:00","breadcrumb":{"@id":"https:\/\/universitatpopular.com\/ca\/final-de-curs-2019-2020\/#breadcrumb"},"inLanguage":"ca","potentialAction":[{"@type":"ReadAction","target":["https:\/\/universitatpopular.com\/ca\/final-de-curs-2019-2020\/"]}]},{"@type":"ImageObject","inLanguage":"ca","@id":"https:\/\/universitatpopular.com\/ca\/final-de-curs-2019-2020\/#primaryimage","url":"https:\/\/universitatpopular.com\/wp-content\/uploads\/2024\/06\/cabecera_final-decurs.jpeg","contentUrl":"https:\/\/universitatpopular.com\/wp-content\/uploads\/2024\/06\/cabecera_final-decurs.jpeg"},{"@type":"BreadcrumbList","@id":"https:\/\/universitatpopular.com\/ca\/final-de-curs-2019-2020\/#breadcrumb","itemListElement":[{"@type":"ListItem","position":1,"name":"Portada","item":"https:\/\/universitatpopular.com\/ca\/portada\/"},{"@type":"ListItem","position":2,"name":"Final de Curs 2019\/2020"}]},{"@type":"WebSite","@id":"https:\/\/universitatpopular.com\/#website","url":"https:\/\/universitatpopular.com\/","name":"Universitat Popular","description":"Web de la Universitat Popular de l&#039;Ajuntament de Val\u00e8ncia","publisher":{"@id":"https:\/\/universitatpopular.com\/#organization"},"potentialAction":[{"@type":"SearchAction","target":{"@type":"EntryPoint","urlTemplate":"https:\/\/universitatpopular.com\/?s={search_term_string}"},"query-input":{"@type":"PropertyValueSpecification","valueRequired":true,"valueName":"search_term_string"}}],"inLanguage":"ca"},{"@type":"Organization","@id":"https:\/\/universitatpopular.com\/#organization","name":"Universitat Popular","url":"https:\/\/universitatpopular.com\/","logo":{"@type":"ImageObject","inLanguage":"ca","@id":"https:\/\/universitatpopular.com\/#\/schema\/logo\/image\/","url":"https:\/\/universitatpopular.com\/wp-content\/uploads\/2024\/04\/logo-universitat-popular-de-valencia_vertical.svg","contentUrl":"https:\/\/universitatpopular.com\/wp-content\/uploads\/2024\/04\/logo-universitat-popular-de-valencia_vertical.svg","width":190.15,"height":124.13,"caption":"Universitat Popular"},"image":{"@id":"https:\/\/universitatpopular.com\/#\/schema\/logo\/image\/"},"sameAs":["https:\/\/www.facebook.com\/universitatpopularvalencia\/","https:\/\/x.com\/univ_po_pu_lar","https:\/\/www.instagram.com\/universitatpopularvlc\/","https:\/\/www.youtube.com\/channel\/UC6MyVEiz44QUeMvO8K3ofwA"]}]}},"_links":{"self":[{"href":"https:\/\/universitatpopular.com\/ca\/wp-json\/wp\/v2\/pages\/1787","targetHints":{"allow":["GET"]}}],"collection":[{"href":"https:\/\/universitatpopular.com\/ca\/wp-json\/wp\/v2\/pages"}],"about":[{"href":"https:\/\/universitatpopular.com\/ca\/wp-json\/wp\/v2\/types\/page"}],"author":[{"embeddable":true,"href":"https:\/\/universitatpopular.com\/ca\/wp-json\/wp\/v2\/users\/1"}],"replies":[{"embeddable":true,"href":"https:\/\/universitatpopular.com\/ca\/wp-json\/wp\/v2\/comments?post=1787"}],"version-history":[{"count":1,"href":"https:\/\/universitatpopular.com\/ca\/wp-json\/wp\/v2\/pages\/1787\/revisions"}],"predecessor-version":[{"id":1788,"href":"https:\/\/universitatpopular.com\/ca\/wp-json\/wp\/v2\/pages\/1787\/revisions\/1788"}],"wp:attachment":[{"href":"https:\/\/universitatpopular.com\/ca\/wp-json\/wp\/v2\/media?parent=1787"}],"curies":[{"name":"wp","href":"https:\/\/api.w.org\/{rel}","templated":true}]}}