{"id":2327,"date":"2024-07-17T10:51:00","date_gmt":"2024-07-17T08:51:00","guid":{"rendered":"https:\/\/universitatpopular.com\/conferenciesup\/"},"modified":"2024-07-17T10:59:06","modified_gmt":"2024-07-17T08:59:06","slug":"conferenciesup","status":"publish","type":"page","link":"https:\/\/universitatpopular.com\/ca\/conferenciesup\/","title":{"rendered":"#Confer\u00e8nciesUP"},"content":{"rendered":"\n<p>La Universitat Popular de Val\u00e8ncia posa a la vostra disposici\u00f3 les 4 confer\u00e8ncies que en els \u00faltims cursos ha oferit amb motiu de la celebraci\u00f3, cada mes de febrer, del seu aniversari.<\/p>\n\n<p>La Universitat Popular de Val\u00e8ncia va ser fundada en 1903 per Vicente Blasco Ib\u00e1\u00f1ez i el seu primer curs es va iniciar el 8 de febrer d\u2019aquell any amb un programa de confer\u00e8ncies impartides per homes de rellev\u00e0ncia acad\u00e8mica. Des de 2015 commemorem aquest aniversari cada mes de febrer, amb una r\u00e8plica a aquelles primeres confer\u00e8ncies, per\u00f2 ara impartides per dones i incorporant la perspectiva de g\u00e8nere i una mirada actual.<\/p>\n\n<p>CONFER\u00c8NCIES<\/p>\n\n<ol class=\"wp-block-list\">\n<li>VISI\u00d3 CR\u00cdTICA EN L\u2019ERA DE LA DESINFORMACI\u00d3, de ROSA MAR\u00cdA CALAF.<\/li>\n\n\n\n<li>ACTIVISTES I CREATIVES: ART PER Al CANVI SOCIAL, d\u2019IRENE BALLESTER BUIGUES.<\/li>\n\n\n\n<li>REPUBLICANES I FEMINISTES VALENCIANES, DE LUZ SANFELIU.<\/li>\n\n\n\n<li>LA (IMPOSSIBLE) IMPARCIALITAT DE LA CI\u00c8NCIA, DE MARIA \u00c1NGELES DUR\u00c1N.<\/li>\n<\/ol>\n\n<p><strong>1.CONFERENCIA \u201cVISI\u00d3 CR\u00cdTICA EN L\u2019ERA DE LA DESINFORMACI\u00d3\u201d, de la periodista <a href=\"https:\/\/es.wikipedia.org\/wiki\/Rosa_Mar%C3%ADa_Calaf\">ROSA MAR\u00cdA CALAF<\/a><\/strong>,\u00a0 amb motiu del #116Aniversari d\u2019Universitat Popular de Val\u00e8ncia que es va celebrar sota el lema #EllesQ\u00fcestionen, a la sala Ferreres del Centre del Carme CCC -Consorci de Museus-. Amb Int\u00e8rpret de signes #fesord. Una confer\u00e8ncia sobre la rellev\u00e0ncia de les #FakeNews o noticies falses i la import\u00e0ncia de una lectura cr\u00edtica dels mitjans de comunicaci\u00f3 en una era en la que circula un enorme volum d\u2019informaci\u00f3 i tamb\u00e9 de falsedats per xarxes socials i xats.<\/p>\n\n<p>Presenta la periodista #AnnaGimeno i la directora de la Universitat Popular de Val\u00e8ncia #GemmaFlors<\/p>\n\n<figure class=\"wp-block-embed is-type-video is-provider-youtube wp-block-embed-youtube wp-embed-aspect-16-9 wp-has-aspect-ratio\"><div class=\"wp-block-embed__wrapper\">\r\n<iframe loading=\"lazy\" title=\"Rosa M. Calaf: &quot;Visi\u00f3 cr\u00edtica en l&#039;era de la desinformaci\u00f3&quot;  #UPVal\u00e8ncia\" width=\"500\" height=\"281\" src=\"https:\/\/www.youtube.com\/embed\/SQxMNjLpZ3g?feature=oembed\" frameborder=\"0\" allow=\"accelerometer; autoplay; clipboard-write; encrypted-media; gyroscope; picture-in-picture; web-share\" referrerpolicy=\"strict-origin-when-cross-origin\" allowfullscreen><\/iframe>\r\n<\/div><\/figure>\r\n\n<p><strong>2. CONFER\u00c8NCIA \u201cACTIVISTES I CREATIVES: ART PER Al CANVI SOCIAL\u201d, d\u2019<a href=\"https:\/\/es.wikipedia.org\/wiki\/Irene_Ballester\">IRENE BALLESTER BUIGUES<\/a>,<\/strong> especialista en estudis feministes en art i g\u00e8nere i activista social, doctora en\u00a0Hist\u00f2ria de l\u2019Art\u00a0per la\u00a0Universitat de Val\u00e8ncia.<\/p>\n\n<p>Confer\u00e8ncia impartida en el marc del 115 aniversari de la Universitat Popular de Val\u00e8ncia. #115aniversariUP #EllesCreen al febrer de 2018.<\/p>\n\n<figure class=\"wp-block-embed is-type-video is-provider-youtube wp-block-embed-youtube wp-embed-aspect-16-9 wp-has-aspect-ratio\"><div class=\"wp-block-embed__wrapper\">\r\n<iframe loading=\"lazy\" title=\"&quot;Activistes i creatives: art per al canvi social&quot; Universitat Popular de Val\u00e8ncia\" width=\"500\" height=\"281\" src=\"https:\/\/www.youtube.com\/embed\/tU48qBZaI98?feature=oembed\" frameborder=\"0\" allow=\"accelerometer; autoplay; clipboard-write; encrypted-media; gyroscope; picture-in-picture; web-share\" referrerpolicy=\"strict-origin-when-cross-origin\" allowfullscreen><\/iframe>\r\n<\/div><\/figure>\r\n\n<p><strong>3. CONFER\u00c8NCIA \u201cREPUBLICANES I FEMINISTES VALENCIANES\u201d, DE LUZ SANFELIU<\/strong>, professora titular del Departament d\u2019Educaci\u00f3 Comparada i Hist\u00f2ria de l\u2019Educaci\u00f3 de la Facultat de Filosofia i Ci\u00e8ncies de l\u2019Educaci\u00f3 de la Universitat de Val\u00e8ncia i integrant del Institut Universitari d\u00b4Estudis de la D\u00f3na d\u2019aquesta universitat.<\/p>\n\n<p>Una confer\u00e8ncia sobre la rellev\u00e0ncia de la Universitat Popular de Val\u00e8ncia en la conformaci\u00f3 del pensament cr\u00edtic feminista des de principis del XX, amb les primeres confer\u00e8ncies, emmarcades en els valors republicans, i l\u2019elevat nombre de dones a les seves aules. La confer\u00e8ncia de Sanfeliu, en el paranimf de la Universitat de Val\u00e8ncia, el 21 de febrer de 2017, en el 114 aniversari de la Universitat Popular de Val\u00e8ncia, \u00e9s una r\u00e8plica contextualitzada i ampliada a la confer\u00e8ncia que va impartir Anselmo Arenas en el primer curs de la Universitat Popular de Val\u00e8ncia, al febrer de 1903, sota el t\u00edtol \u201cLa cr\u00edtica a la Universitat Popular\u201d, realitzant una defensa de la UP de Val\u00e8ncia, en relaci\u00f3, entre altres, al paper d\u2019aquesta UP en la formaci\u00f3 de les dones, enfront de les cr\u00edtiques del sector eclesi\u00e0stic.<\/p>\n\n<figure class=\"wp-block-embed is-type-video is-provider-youtube wp-block-embed-youtube wp-embed-aspect-16-9 wp-has-aspect-ratio\"><div class=\"wp-block-embed__wrapper\">\r\n<iframe loading=\"lazy\" title=\"&quot;REPUBLICANAS Y FEMINISTAS VALENCIANAS&quot; por Llum Sanfeliu Gimeno\" width=\"500\" height=\"281\" src=\"https:\/\/www.youtube.com\/embed\/0vpJyKaptQ0?feature=oembed\" frameborder=\"0\" allow=\"accelerometer; autoplay; clipboard-write; encrypted-media; gyroscope; picture-in-picture; web-share\" referrerpolicy=\"strict-origin-when-cross-origin\" allowfullscreen><\/iframe>\r\n<\/div><\/figure>\r\n\n<p><strong>4.CONFER\u00c8NCIA \u201cLA (IMPOSSIBLE) IMPARCIALITAT DE LA CI\u00c8NCIA, DE <a href=\"http:\/\/cchs.csic.es\/es\/personal\/angeles.duran\">MARIA \u00c1NGELES DUR\u00c1N<\/a><\/strong>, investigadora, catedr\u00e0tica i Premi Nacional de Recerca per a les Ci\u00e8ncies Socials, Econ\u00f2miques i Jur\u00eddiques, doctora Honoris causa per la Universitat de Val\u00e8ncia, Aut\u00f2nima de Madrid i Granada; especialitzada en l\u2019an\u00e0lisi del treball no remunerat i la seva relaci\u00f3 amb l\u2019estructura social i econ\u00f2mica.<\/p>\n\n<p>En el seu 113 aniversari, la UP de Val\u00e8ncia va reeditar la que va ser confer\u00e8ncia inaugural d\u2019aquesta instituci\u00f3 en 1903, llavors a c\u00e0rrec de Gumersindo d\u2019Azc\u00e1rate, sobre \u201cLa neutralitat de la ci\u00e8ncia\u201d, despr\u00e9s a c\u00e0rrec de M. Angeles Duran sobre \u201cLa (impossible) neutralitat de la ci\u00e8ncia\u201d, incorporant a m\u00e9s la perspectiva de g\u00e8nere en la ci\u00e8ncia.<\/p>\n\n<figure class=\"wp-block-embed is-type-video is-provider-youtube wp-block-embed-youtube wp-embed-aspect-16-9 wp-has-aspect-ratio\"><div class=\"wp-block-embed__wrapper\">\r\n<iframe loading=\"lazy\" title=\"CONFERENCIA M. ANGELES DURAN-CENTENARIO UP &quot;La imposible neutralidad de la ciencia&quot;  20160211\" width=\"500\" height=\"281\" src=\"https:\/\/www.youtube.com\/embed\/-VydcjABuIs?feature=oembed\" frameborder=\"0\" allow=\"accelerometer; autoplay; clipboard-write; encrypted-media; gyroscope; picture-in-picture; web-share\" referrerpolicy=\"strict-origin-when-cross-origin\" allowfullscreen><\/iframe>\r\n<\/div><\/figure>\r\n","protected":false},"excerpt":{"rendered":"<p>La Universitat Popular de Val\u00e8ncia posa a la vostra disposici\u00f3 les 4 confer\u00e8ncies que en els \u00faltims cursos ha oferit amb motiu de la celebraci\u00f3, cada mes de febrer, del [&hellip;]<\/p>\n","protected":false},"author":1,"featured_media":0,"parent":0,"menu_order":0,"comment_status":"closed","ping_status":"closed","template":"","meta":{"_acf_changed":false,"_EventAllDay":false,"_EventTimezone":"","_EventStartDate":"","_EventEndDate":"","_EventStartDateUTC":"","_EventEndDateUTC":"","_EventShowMap":false,"_EventShowMapLink":false,"_EventURL":"","_EventCost":"","_EventCostDescription":"","_EventCurrencySymbol":"","_EventCurrencyCode":"","_EventCurrencyPosition":"","_EventDateTimeSeparator":"","_EventTimeRangeSeparator":"","_EventOrganizerID":[],"_EventVenueID":[],"_OrganizerEmail":"","_OrganizerPhone":"","_OrganizerWebsite":"","_VenueAddress":"","_VenueCity":"","_VenueCountry":"","_VenueProvince":"","_VenueState":"","_VenueZip":"","_VenuePhone":"","_VenueURL":"","_VenueStateProvince":"","_VenueLat":"","_VenueLng":"","_VenueShowMap":false,"_VenueShowMapLink":false,"footnotes":""},"class_list":["post-2327","page","type-page","status-publish","hentry"],"acf":[],"yoast_head":"<!-- This site is optimized with the Yoast SEO plugin v25.8 - https:\/\/yoast.com\/wordpress\/plugins\/seo\/ -->\n<title>#Confer\u00e8nciesUP - Universitat Popular<\/title>\n<meta name=\"robots\" content=\"index, follow, max-snippet:-1, max-image-preview:large, max-video-preview:-1\" \/>\n<link rel=\"canonical\" href=\"https:\/\/universitatpopular.com\/ca\/conferenciesup\/\" \/>\n<meta property=\"og:locale\" content=\"ca_ES\" \/>\n<meta property=\"og:type\" content=\"article\" \/>\n<meta property=\"og:title\" content=\"#Confer\u00e8nciesUP - Universitat Popular\" \/>\n<meta property=\"og:description\" content=\"La Universitat Popular de Val\u00e8ncia posa a la vostra disposici\u00f3 les 4 confer\u00e8ncies que en els \u00faltims cursos ha oferit amb motiu de la celebraci\u00f3, cada mes de febrer, del [&hellip;]\" \/>\n<meta property=\"og:url\" content=\"https:\/\/universitatpopular.com\/ca\/conferenciesup\/\" \/>\n<meta property=\"og:site_name\" content=\"Universitat Popular\" \/>\n<meta property=\"article:publisher\" content=\"https:\/\/www.facebook.com\/universitatpopularvalencia\/\" \/>\n<meta property=\"article:modified_time\" content=\"2024-07-17T08:59:06+00:00\" \/>\n<meta name=\"twitter:card\" content=\"summary_large_image\" \/>\n<meta name=\"twitter:site\" content=\"@univ_po_pu_lar\" \/>\n<meta name=\"twitter:label1\" content=\"Temps estimat de lectura\" \/>\n\t<meta name=\"twitter:data1\" content=\"4 minuts\" \/>\n<script type=\"application\/ld+json\" class=\"yoast-schema-graph\">{\"@context\":\"https:\/\/schema.org\",\"@graph\":[{\"@type\":\"WebPage\",\"@id\":\"https:\/\/universitatpopular.com\/ca\/conferenciesup\/\",\"url\":\"https:\/\/universitatpopular.com\/ca\/conferenciesup\/\",\"name\":\"#Confer\u00e8nciesUP - Universitat Popular\",\"isPartOf\":{\"@id\":\"https:\/\/universitatpopular.com\/#website\"},\"datePublished\":\"2024-07-17T08:51:00+00:00\",\"dateModified\":\"2024-07-17T08:59:06+00:00\",\"breadcrumb\":{\"@id\":\"https:\/\/universitatpopular.com\/ca\/conferenciesup\/#breadcrumb\"},\"inLanguage\":\"ca\",\"potentialAction\":[{\"@type\":\"ReadAction\",\"target\":[\"https:\/\/universitatpopular.com\/ca\/conferenciesup\/\"]}]},{\"@type\":\"BreadcrumbList\",\"@id\":\"https:\/\/universitatpopular.com\/ca\/conferenciesup\/#breadcrumb\",\"itemListElement\":[{\"@type\":\"ListItem\",\"position\":1,\"name\":\"Portada\",\"item\":\"https:\/\/universitatpopular.com\/ca\/portada\/\"},{\"@type\":\"ListItem\",\"position\":2,\"name\":\"#Confer\u00e8nciesUP\"}]},{\"@type\":\"WebSite\",\"@id\":\"https:\/\/universitatpopular.com\/#website\",\"url\":\"https:\/\/universitatpopular.com\/\",\"name\":\"Universitat Popular\",\"description\":\"Web de la Universitat Popular de l&#039;Ajuntament de Val\u00e8ncia\",\"publisher\":{\"@id\":\"https:\/\/universitatpopular.com\/#organization\"},\"potentialAction\":[{\"@type\":\"SearchAction\",\"target\":{\"@type\":\"EntryPoint\",\"urlTemplate\":\"https:\/\/universitatpopular.com\/?s={search_term_string}\"},\"query-input\":{\"@type\":\"PropertyValueSpecification\",\"valueRequired\":true,\"valueName\":\"search_term_string\"}}],\"inLanguage\":\"ca\"},{\"@type\":\"Organization\",\"@id\":\"https:\/\/universitatpopular.com\/#organization\",\"name\":\"Universitat Popular\",\"url\":\"https:\/\/universitatpopular.com\/\",\"logo\":{\"@type\":\"ImageObject\",\"inLanguage\":\"ca\",\"@id\":\"https:\/\/universitatpopular.com\/#\/schema\/logo\/image\/\",\"url\":\"https:\/\/universitatpopular.com\/wp-content\/uploads\/2024\/04\/logo-universitat-popular-de-valencia_vertical.svg\",\"contentUrl\":\"https:\/\/universitatpopular.com\/wp-content\/uploads\/2024\/04\/logo-universitat-popular-de-valencia_vertical.svg\",\"width\":190.15,\"height\":124.13,\"caption\":\"Universitat Popular\"},\"image\":{\"@id\":\"https:\/\/universitatpopular.com\/#\/schema\/logo\/image\/\"},\"sameAs\":[\"https:\/\/www.facebook.com\/universitatpopularvalencia\/\",\"https:\/\/x.com\/univ_po_pu_lar\",\"https:\/\/www.instagram.com\/universitatpopularvlc\/\",\"https:\/\/www.youtube.com\/channel\/UC6MyVEiz44QUeMvO8K3ofwA\"]}]}<\/script>\n<!-- \/ Yoast SEO plugin. -->","yoast_head_json":{"title":"#Confer\u00e8nciesUP - Universitat Popular","robots":{"index":"index","follow":"follow","max-snippet":"max-snippet:-1","max-image-preview":"max-image-preview:large","max-video-preview":"max-video-preview:-1"},"canonical":"https:\/\/universitatpopular.com\/ca\/conferenciesup\/","og_locale":"ca_ES","og_type":"article","og_title":"#Confer\u00e8nciesUP - Universitat Popular","og_description":"La Universitat Popular de Val\u00e8ncia posa a la vostra disposici\u00f3 les 4 confer\u00e8ncies que en els \u00faltims cursos ha oferit amb motiu de la celebraci\u00f3, cada mes de febrer, del [&hellip;]","og_url":"https:\/\/universitatpopular.com\/ca\/conferenciesup\/","og_site_name":"Universitat Popular","article_publisher":"https:\/\/www.facebook.com\/universitatpopularvalencia\/","article_modified_time":"2024-07-17T08:59:06+00:00","twitter_card":"summary_large_image","twitter_site":"@univ_po_pu_lar","twitter_misc":{"Temps estimat de lectura":"4 minuts"},"schema":{"@context":"https:\/\/schema.org","@graph":[{"@type":"WebPage","@id":"https:\/\/universitatpopular.com\/ca\/conferenciesup\/","url":"https:\/\/universitatpopular.com\/ca\/conferenciesup\/","name":"#Confer\u00e8nciesUP - Universitat Popular","isPartOf":{"@id":"https:\/\/universitatpopular.com\/#website"},"datePublished":"2024-07-17T08:51:00+00:00","dateModified":"2024-07-17T08:59:06+00:00","breadcrumb":{"@id":"https:\/\/universitatpopular.com\/ca\/conferenciesup\/#breadcrumb"},"inLanguage":"ca","potentialAction":[{"@type":"ReadAction","target":["https:\/\/universitatpopular.com\/ca\/conferenciesup\/"]}]},{"@type":"BreadcrumbList","@id":"https:\/\/universitatpopular.com\/ca\/conferenciesup\/#breadcrumb","itemListElement":[{"@type":"ListItem","position":1,"name":"Portada","item":"https:\/\/universitatpopular.com\/ca\/portada\/"},{"@type":"ListItem","position":2,"name":"#Confer\u00e8nciesUP"}]},{"@type":"WebSite","@id":"https:\/\/universitatpopular.com\/#website","url":"https:\/\/universitatpopular.com\/","name":"Universitat Popular","description":"Web de la Universitat Popular de l&#039;Ajuntament de Val\u00e8ncia","publisher":{"@id":"https:\/\/universitatpopular.com\/#organization"},"potentialAction":[{"@type":"SearchAction","target":{"@type":"EntryPoint","urlTemplate":"https:\/\/universitatpopular.com\/?s={search_term_string}"},"query-input":{"@type":"PropertyValueSpecification","valueRequired":true,"valueName":"search_term_string"}}],"inLanguage":"ca"},{"@type":"Organization","@id":"https:\/\/universitatpopular.com\/#organization","name":"Universitat Popular","url":"https:\/\/universitatpopular.com\/","logo":{"@type":"ImageObject","inLanguage":"ca","@id":"https:\/\/universitatpopular.com\/#\/schema\/logo\/image\/","url":"https:\/\/universitatpopular.com\/wp-content\/uploads\/2024\/04\/logo-universitat-popular-de-valencia_vertical.svg","contentUrl":"https:\/\/universitatpopular.com\/wp-content\/uploads\/2024\/04\/logo-universitat-popular-de-valencia_vertical.svg","width":190.15,"height":124.13,"caption":"Universitat Popular"},"image":{"@id":"https:\/\/universitatpopular.com\/#\/schema\/logo\/image\/"},"sameAs":["https:\/\/www.facebook.com\/universitatpopularvalencia\/","https:\/\/x.com\/univ_po_pu_lar","https:\/\/www.instagram.com\/universitatpopularvlc\/","https:\/\/www.youtube.com\/channel\/UC6MyVEiz44QUeMvO8K3ofwA"]}]}},"_links":{"self":[{"href":"https:\/\/universitatpopular.com\/ca\/wp-json\/wp\/v2\/pages\/2327","targetHints":{"allow":["GET"]}}],"collection":[{"href":"https:\/\/universitatpopular.com\/ca\/wp-json\/wp\/v2\/pages"}],"about":[{"href":"https:\/\/universitatpopular.com\/ca\/wp-json\/wp\/v2\/types\/page"}],"author":[{"embeddable":true,"href":"https:\/\/universitatpopular.com\/ca\/wp-json\/wp\/v2\/users\/1"}],"replies":[{"embeddable":true,"href":"https:\/\/universitatpopular.com\/ca\/wp-json\/wp\/v2\/comments?post=2327"}],"version-history":[{"count":1,"href":"https:\/\/universitatpopular.com\/ca\/wp-json\/wp\/v2\/pages\/2327\/revisions"}],"predecessor-version":[{"id":2328,"href":"https:\/\/universitatpopular.com\/ca\/wp-json\/wp\/v2\/pages\/2327\/revisions\/2328"}],"wp:attachment":[{"href":"https:\/\/universitatpopular.com\/ca\/wp-json\/wp\/v2\/media?parent=2327"}],"curies":[{"name":"wp","href":"https:\/\/api.w.org\/{rel}","templated":true}]}}